{"id":2339,"date":"2019-10-28T14:59:49","date_gmt":"2019-10-28T14:59:49","guid":{"rendered":"http:\/\/aykacevre.com\/?page_id=2339"},"modified":"2019-10-28T14:59:52","modified_gmt":"2019-10-28T14:59:52","slug":"deniz-cevre-yonetimi","status":"publish","type":"page","link":"https:\/\/aykacevre.com\/index.php\/deniz-cevre-yonetimi\/","title":{"rendered":"DEN\u0130Z \u00c7EVRE Y\u00d6NET\u0130M\u0130"},"content":{"rendered":"\n<h2 class=\"wp-block-heading\">\u00c7EVRE Y\u00d6NET\u0130M KAPSAMI<\/h2>\n\n\n\n<p>AYKA \u00c7evre b\u00fcnyesinde bulunan \u0130zmit ve \u0130zmir Terminal faaliyetlerimizde politikam\u0131za paralel olarak \u00e7evre dostu operasyonlar yap\u0131lmas\u0131na \u00f6zen g\u00f6sterilmekte, s\u0131f\u0131r \u00e7evre kirlili\u011fi hedefi ile personelin \u00e7evre bilincinin art\u0131r\u0131lmas\u0131 ve ba\u015fta deniz kirlili\u011finin \u00f6nlenmesi olmak \u00fczere acil durumlara haz\u0131rl\u0131k i\u00e7in planl\u0131 talimler periyodik olarak yap\u0131lmaktad\u0131r. At\u0131klar\u0131n minimum seviyede tutulmas\u0131 i\u00e7in gerekli tedbirlerin al\u0131nmas\u0131na, kontrollerin yap\u0131lmas\u0131na, ka\u00e7aklar\u0131n \u00f6nlenmesine \u00f6zen g\u00f6sterilmekte, \u00e7\u0131kan at\u0131klar da MARPOL Ek-1 ve Ek-5 kapsam\u0131nda uygun kategorilerde ayr\u0131 ayr\u0131 toplanarak lisansl\u0131 at\u0131k kabul tesislerine teslim edilmektedir.<\/p>\n\n\n\n<p>Do\u011fal kaynak kullan\u0131mlar\u0131 ayl\u0131k bazda gerekli kay\u0131tlar tutulmak suretiyle takip edilerek optimum seviyede tutulmalar\u0131na dikkat edilmektedir. Sat\u0131nalmalar\u0131m\u0131zda \/ yat\u0131r\u0131mlar\u0131m\u0131zda \u00fcr\u00fcn ya\u015fam d\u00f6ng\u00fcs\u00fc dikkate al\u0131narak uzun \u00f6m\u00fcrl\u00fc ve \u00e7evre dostu \u00fcr\u00fcnlerin al\u0131nmas\u0131na \u00f6zen g\u00f6sterilmektedir.Terminal hizmetlerimizde kullan\u0131lan deniz ara\u00e7lar\u0131n\u0131n yeni in\u015fadan itibaren \u00f6mr\u00fcn\u00fc tamamlamas\u0131 ve geri d\u00f6n\u00fc\u015f\u00fcme tabi tutulmas\u0131 s\u00fcre\u00e7lerinin ilgili yasal mevzuatlar ve di\u011fer gerekliliklere uygun olarak \u00e7evresel zarar olu\u015fturmadan tamamlanmas\u0131 hedeflenmektedir.<\/p>\n\n\n\n<p>Faaliyetlerimizin \u00e7evresel etkileri de\u011ferlendirilerek ve \u00e7evre ilgili risk analizleri yap\u0131larak \u00f6nemli \u00e7evresel etkileri kontrol alt\u0131nda tutulmaktad\u0131r.<\/p>\n\n\n\n<p><\/p>\n\n\n\n<h2 class=\"wp-block-heading\">2019 YILI TERM\u0130NAL ISO 14001 \u00c7EVRE HEDEFLER\u0130<\/h2>\n\n\n\n<ul class=\"wp-block-list\"><li>Terminal operasyonlar\u0131 s\u0131ras\u0131nda deniz kirlili\u011finin ya\u015fanmamas\u0131<\/li><li>T.Damla-1 ve T.Damla-2 R\u00f6mork\u00f6rleri ya\u015fam mahali ayd\u0131nlatmalar\u0131nda LED ampul kullan\u0131lmas\u0131<\/li><li>Hasan Tural ve Beyaz\u0131t G\u00fcni\u00e7en R\u00f6mork\u00f6rleri g\u00fcverte ayd\u0131nlatmalar\u0131nda LED ampul kullan\u0131lmas\u0131<\/li><li>At\u0131klar\u0131n ve do\u011fal kaynak t\u00fcketiminin etkin takibi ve y\u00f6netilmesi<\/li><\/ul>\n\n\n\n<h2 class=\"wp-block-heading\">2018 YILI TERM\u0130NAL ISO 14001 \u00c7EVRE HEDEFLER\u0130N\u0130N DE\u011eERLEND\u0130R\u0130LMES\u0130<\/h2>\n\n\n\n<p>21.01.2019 tarihli Y\u00f6netimin Sistemi G\u00f6zden Ge\u00e7irme Toplant\u0131s\u0131\u2019nda \u00e7evre hedeflerimiz g\u00f6zden ge\u00e7irilmi\u015f olup ilgili de\u011ferlendirmeler a\u015fa\u011f\u0131da verilmektedir.<\/p>\n\n\n\n<ul class=\"wp-block-list\"><li>Y\u0131l i\u00e7inde terminal operasyonlar\u0131 s\u0131ras\u0131nda gemilerimizde deniz kirlili\u011fine neden olacak herhangi bir olay ya\u015fanmam\u0131\u015ft\u0131r.<\/li><li>ISO 14001 \u00c7evre Y\u00f6netim Sistemi 2015 revizyonlar\u0131 tamamlanm\u0131\u015ft\u0131r.<\/li><li>T.Damla 1 ve T.Damla 3 R\u00f6mork\u00f6rleri g\u00fcverte ayd\u0131nlatmalar\u0131nda LED ampul kullan\u0131lmaya ba\u015flanm\u0131\u015ft\u0131r.<\/li><li>At\u0131klar\u0131n ve do\u011fal kaynak t\u00fcketiminin etkin takibi ve y\u00f6netilmesi i\u00e7in gerekli \u00e7al\u0131\u015fmalar yap\u0131lm\u0131\u015ft\u0131r.<\/li><\/ul>\n","protected":false},"excerpt":{"rendered":"<p>\u00c7EVRE Y\u00d6NET\u0130M KAPSAMI AYKA \u00c7evre b\u00fcnyesinde bulunan \u0130zmit ve \u0130zmir Terminal faaliyetlerimizde politikam\u0131za paralel olarak \u00e7evre dostu operasyonlar yap\u0131lmas\u0131na \u00f6zen g\u00f6sterilmekte, s\u0131f\u0131r \u00e7evre kirlili\u011fi hedefi ile personelin \u00e7evre bilincinin art\u0131r\u0131lmas\u0131 ve ba\u015fta deniz kirlili\u011finin \u00f6nlenmesi olmak \u00fczere acil durumlara haz\u0131rl\u0131k i\u00e7in planl\u0131 talimler periyodik olarak yap\u0131lmaktad\u0131r. At\u0131klar\u0131n minimum seviyede tutulmas\u0131 i\u00e7in gerekli tedbirlerin al\u0131nmas\u0131na, kontrollerin [&hellip;]<\/p>\n","protected":false},"author":1,"featured_media":0,"parent":0,"menu_order":0,"comment_status":"closed","ping_status":"closed","template":"","meta":{"footnotes":""},"class_list":["post-2339","page","type-page","status-publish","hentry"],"_links":{"self":[{"href":"https:\/\/aykacevre.com\/index.php\/wp-json\/wp\/v2\/pages\/2339","targetHints":{"allow":["GET"]}}],"collection":[{"href":"https:\/\/aykacevre.com\/index.php\/wp-json\/wp\/v2\/pages"}],"about":[{"href":"https:\/\/aykacevre.com\/index.php\/wp-json\/wp\/v2\/types\/page"}],"author":[{"embeddable":true,"href":"https:\/\/aykacevre.com\/index.php\/wp-json\/wp\/v2\/users\/1"}],"replies":[{"embeddable":true,"href":"https:\/\/aykacevre.com\/index.php\/wp-json\/wp\/v2\/comments?post=2339"}],"version-history":[{"count":1,"href":"https:\/\/aykacevre.com\/index.php\/wp-json\/wp\/v2\/pages\/2339\/revisions"}],"predecessor-version":[{"id":2340,"href":"https:\/\/aykacevre.com\/index.php\/wp-json\/wp\/v2\/pages\/2339\/revisions\/2340"}],"wp:attachment":[{"href":"https:\/\/aykacevre.com\/index.php\/wp-json\/wp\/v2\/media?parent=2339"}],"curies":[{"name":"wp","href":"https:\/\/api.w.org\/{rel}","templated":true}]}}